{"id":581,"date":"2025-02-07T11:34:50","date_gmt":"2025-02-07T11:34:50","guid":{"rendered":"https:\/\/beratung-balazs.at\/?page_id=581"},"modified":"2025-02-07T11:41:16","modified_gmt":"2025-02-07T11:41:16","slug":"impresszum","status":"publish","type":"page","link":"https:\/\/beratung-balazs.at\/index.php\/hu\/impresszum\/","title":{"rendered":"Impresszum"},"content":{"rendered":"\t\t<div data-elementor-type=\"wp-page\" data-elementor-id=\"581\" class=\"elementor elementor-581\">\n\t\t\t\t<div class=\"elementor-element elementor-element-a8b457f e-flex e-con-boxed e-con e-parent\" data-id=\"a8b457f\" data-element_type=\"container\">\n\t\t\t\t\t<div class=\"e-con-inner\">\n\t\t\t\t<div class=\"elementor-element elementor-element-effb87b elementor-widget elementor-widget-text-editor\" data-id=\"effb87b\" data-element_type=\"widget\" data-widget_type=\"text-editor.default\">\n\t\t\t\t<div class=\"elementor-widget-container\">\n\t\t\t\t\t\t\t\t\t<p>Az elektronikus kereskedelemr\u0151l sz\u00f3l\u00f3 t\u00f6rv\u00e9ny (ECG) 5. \u00a7-a, a m\u00e9diat\u00f6rv\u00e9ny 25. \u00a7-a \u00e9s a kereskedelemszab\u00e1lyoz\u00e1sr\u00f3l sz\u00f3l\u00f3 t\u00f6rv\u00e9ny (GewO) 63. \u00a7-a szerinti t\u00e1j\u00e9koztat\u00e1s.<\/p><p>A weboldal tartalm\u00e1\u00e9rt felel\u0151s:<\/p><p>Bal\u00e1zs T\u00fcnde BA<\/p><p>okleveles ment\u00e1lhigi\u00e9n\u00e9s tan\u00e1csad\u00f3<\/p><p><strong>C\u00e9g c\u00edme:<\/strong><\/p><p>Sagedergasse 4, 1120 B\u00e9cs<\/p><p><strong>El\u00e9rhet\u0151s\u00e9gek:<\/strong><\/p><p>\ud83d\udcde Telefon: +43 677 62848061<\/p><p>\ud83d\udce7 E-mail: balazstunde20@yahoo.de<\/p><p>\ud83c\udf10 Weboldal: www.beratung-balazs.at<\/p><p><strong>Kereskedelmi \u00e9s szakmai jogi inform\u00e1ci\u00f3k:<\/strong><\/p><p>Kereskedelmi enged\u00e9lyez\u0151 hat\u00f3s\u00e1g: B\u00e9cs v\u00e1ros \u00f6nkorm\u00e1nyzata (MBA 12).<\/p><p><strong>Alkalmazand\u00f3 jogszab\u00e1lyok:<\/strong><\/p><p>A kereskedelemr\u0151l, a kereskedelem \u00e9s az ipar szab\u00e1lyoz\u00e1s\u00e1r\u00f3l sz\u00f3l\u00f3 t\u00f6rv\u00e9ny (GewO) 119. \u00a7.<\/p><p><strong>Szakmai csoport:<\/strong> Kereskedelmi szolg\u00e1ltat\u00f3k &#8211; \u00e9let- \u00e9s szoci\u00e1lis tan\u00e1csad\u00e1s<\/p><p><strong>C\u00e9gt\u00edpus:<\/strong><\/p><p>Nem bejegyzett egy\u00e9ni v\u00e1llalkoz\u00e1s<\/p><p><strong>A szervezet sz\u00e9khelye szerinti \u00e1llam<\/strong>: Ausztria<\/p><p><strong>Forgalmi ad\u00f3:<\/strong><\/p><p>UStG 6 Abs. 1 Z 27. \u00a7 szerinti kisv\u00e1llalkoz\u00f3i rendelet: Nincs felt\u00fcntetett forgalmi-ad\u00f3.<\/p><p><strong>Online vitarendez\u00e9s:<\/strong><\/p><p>A fogyaszt\u00f3knak lehet\u0151s\u00e9g\u00fck van arra, hogy panaszaikat az EU online vitarendez\u00e9si platformj\u00e1n ny\u00fajts\u00e1k be:<\/p><p>https:\/\/ec.europa.eu\/consumers\/odr<\/p><p>Panasz\u00e1t k\u00f6zvetlen\u00fcl a k\u00f6vetkez\u0151 e-mail c\u00edmre is elk\u00fcldheti:<\/p><p>balazstunde20@yahoo.de<\/p><p><strong>A B\u00e9csi Kereskedelmi Kamara tagja<\/strong>, szakcsoport: Szem\u00e9lyes tan\u00e1csad\u00e1s \u00e9s t\u00e1mogat\u00e1s.<\/p><p>A WKO r\u00e9szletei\u00e9rt kattintson ide:<\/p><p>https:\/\/firmen.wko.at\/t%c3%bcnde-balzs-ba\/wien\/?firmaid=826b2b95-71a4-40ba-a98c-361cef1005e6&standortid=22&standortname=wien%2012.%20bezirk%20%28meidling%29&suchbegriff=balazs%20t%c3%bcnde<\/p>\t\t\t\t\t\t\t\t<\/div>\n\t\t\t\t<\/div>\n\t\t\t\t\t<\/div>\n\t\t\t\t<\/div>\n\t\t\t\t<\/div>\n\t\t","protected":false},"excerpt":{"rendered":"<p>Az elektronikus kereskedelemr\u0151l sz\u00f3l\u00f3 t\u00f6rv\u00e9ny (ECG) 5. \u00a7-a, a m\u00e9diat\u00f6rv\u00e9ny 25. \u00a7-a \u00e9s a kereskedelemszab\u00e1lyoz\u00e1sr\u00f3l sz\u00f3l\u00f3 t\u00f6rv\u00e9ny (GewO) 63. \u00a7-a szerinti t\u00e1j\u00e9koztat\u00e1s. A weboldal tartalm\u00e1\u00e9rt felel\u0151s: Bal\u00e1zs T\u00fcnde BA okleveles ment\u00e1lhigi\u00e9n\u00e9s tan\u00e1csad\u00f3 C\u00e9g c\u00edme: Sagedergasse 4, 1120 B\u00e9cs El\u00e9rhet\u0151s\u00e9gek: \ud83d\udcde Telefon: +43 677 62848061 \ud83d\udce7 E-mail: balazstunde20@yahoo.de \ud83c\udf10 Weboldal: www.beratung-balazs.at Kereskedelmi \u00e9s szakmai jogi inform\u00e1ci\u00f3k: [&hellip;]<\/p>\n","protected":false},"author":3,"featured_media":0,"parent":0,"menu_order":0,"comment_status":"closed","ping_status":"closed","template":"","meta":{"ocean_post_layout":"","ocean_both_sidebars_style":"","ocean_both_sidebars_content_width":0,"ocean_both_sidebars_sidebars_width":0,"ocean_sidebar":"","ocean_second_sidebar":"","ocean_disable_margins":"enable","ocean_add_body_class":"","ocean_shortcode_before_top_bar":"","ocean_shortcode_after_top_bar":"","ocean_shortcode_before_header":"","ocean_shortcode_after_header":"","ocean_has_shortcode":"","ocean_shortcode_after_title":"","ocean_shortcode_before_footer_widgets":"","ocean_shortcode_after_footer_widgets":"","ocean_shortcode_before_footer_bottom":"","ocean_shortcode_after_footer_bottom":"","ocean_display_top_bar":"default","ocean_display_header":"default","ocean_header_style":"","ocean_center_header_left_menu":"","ocean_custom_header_template":"","ocean_custom_logo":0,"ocean_custom_retina_logo":0,"ocean_custom_logo_max_width":0,"ocean_custom_logo_tablet_max_width":0,"ocean_custom_logo_mobile_max_width":0,"ocean_custom_logo_max_height":0,"ocean_custom_logo_tablet_max_height":0,"ocean_custom_logo_mobile_max_height":0,"ocean_header_custom_menu":"","ocean_menu_typo_font_family":"","ocean_menu_typo_font_subset":"","ocean_menu_typo_font_size":0,"ocean_menu_typo_font_size_tablet":0,"ocean_menu_typo_font_size_mobile":0,"ocean_menu_typo_font_size_unit":"px","ocean_menu_typo_font_weight":"","ocean_menu_typo_font_weight_tablet":"","ocean_menu_typo_font_weight_mobile":"","ocean_menu_typo_transform":"","ocean_menu_typo_transform_tablet":"","ocean_menu_typo_transform_mobile":"","ocean_menu_typo_line_height":0,"ocean_menu_typo_line_height_tablet":0,"ocean_menu_typo_line_height_mobile":0,"ocean_menu_typo_line_height_unit":"","ocean_menu_typo_spacing":0,"ocean_menu_typo_spacing_tablet":0,"ocean_menu_typo_spacing_mobile":0,"ocean_menu_typo_spacing_unit":"","ocean_menu_link_color":"","ocean_menu_link_color_hover":"","ocean_menu_link_color_active":"","ocean_menu_link_background":"","ocean_menu_link_hover_background":"","ocean_menu_link_active_background":"","ocean_menu_social_links_bg":"","ocean_menu_social_hover_links_bg":"","ocean_menu_social_links_color":"","ocean_menu_social_hover_links_color":"","ocean_disable_title":"default","ocean_disable_heading":"default","ocean_post_title":"","ocean_post_subheading":"","ocean_post_title_style":"","ocean_post_title_background_color":"","ocean_post_title_background":0,"ocean_post_title_bg_image_position":"","ocean_post_title_bg_image_attachment":"","ocean_post_title_bg_image_repeat":"","ocean_post_title_bg_image_size":"","ocean_post_title_height":0,"ocean_post_title_bg_overlay":0.5,"ocean_post_title_bg_overlay_color":"","ocean_disable_breadcrumbs":"default","ocean_breadcrumbs_color":"","ocean_breadcrumbs_separator_color":"","ocean_breadcrumbs_links_color":"","ocean_breadcrumbs_links_hover_color":"","ocean_display_footer_widgets":"default","ocean_display_footer_bottom":"default","ocean_custom_footer_template":"","footnotes":""},"class_list":["post-581","page","type-page","status-publish","hentry","entry"],"_links":{"self":[{"href":"https:\/\/beratung-balazs.at\/index.php\/wp-json\/wp\/v2\/pages\/581","targetHints":{"allow":["GET"]}}],"collection":[{"href":"https:\/\/beratung-balazs.at\/index.php\/wp-json\/wp\/v2\/pages"}],"about":[{"href":"https:\/\/beratung-balazs.at\/index.php\/wp-json\/wp\/v2\/types\/page"}],"author":[{"embeddable":true,"href":"https:\/\/beratung-balazs.at\/index.php\/wp-json\/wp\/v2\/users\/3"}],"replies":[{"embeddable":true,"href":"https:\/\/beratung-balazs.at\/index.php\/wp-json\/wp\/v2\/comments?post=581"}],"version-history":[{"count":5,"href":"https:\/\/beratung-balazs.at\/index.php\/wp-json\/wp\/v2\/pages\/581\/revisions"}],"predecessor-version":[{"id":588,"href":"https:\/\/beratung-balazs.at\/index.php\/wp-json\/wp\/v2\/pages\/581\/revisions\/588"}],"wp:attachment":[{"href":"https:\/\/beratung-balazs.at\/index.php\/wp-json\/wp\/v2\/media?parent=581"}],"curies":[{"name":"wp","href":"https:\/\/api.w.org\/{rel}","templated":true}]}}